{"id":2373,"date":"2016-03-16T07:40:36","date_gmt":"2016-03-16T06:40:36","guid":{"rendered":"http:\/\/www.abseitsreisen.de\/blog\/?page_id=2373"},"modified":"2026-02-06T15:59:18","modified_gmt":"2026-02-06T14:59:18","slug":"termine","status":"publish","type":"page","link":"https:\/\/www.abseitsreisen.de\/blog\/reise-vortrage\/termine\/","title":{"rendered":"Termine 2026"},"content":{"rendered":"<div id=\"pl-2373\"  class=\"panel-layout\" ><div id=\"pg-2373-0\"  class=\"panel-grid panel-no-style\" ><div id=\"pgc-2373-0-0\"  class=\"panel-grid-cell\" ><div id=\"panel-2373-0-0-0\" class=\"so-panel widget widget_sow-headline panel-first-child\" data-index=\"0\" ><div\n\t\t\t\n\t\t\tclass=\"so-widget-sow-headline so-widget-sow-headline-default-fb29e18fc8e5-2373\"\n\t\t\t\n\t\t><div class=\"sow-headline-container \">\n\t\t\t\t\t\t\t<h3 class=\"sow-headline\">\n\t\t\t\t\t\tZuk\u00fcnftige Termine per Newsletter?\t\t\t\t\t\t<\/h3>\n\t\t\t\t\t\t<\/div>\n<\/div><\/div><div id=\"panel-2373-0-0-1\" class=\"so-panel widget widget_sow-button panel-last-child\" data-index=\"1\" ><div\n\t\t\t\n\t\t\tclass=\"so-widget-sow-button so-widget-sow-button-flat-67ff546dda30-2373\"\n\t\t\t\n\t\t><div class=\"ow-button-base ow-button-align-center\"\n>\n\t\t\t<a\n\t\t\t\t\thref=\"http:\/\/ymlp.com\/xgbbewmegmgus\"\n\t\t\t\t\tclass=\"sowb-button ow-icon-placement-left ow-button-hover\" target=\"_blank\" rel=\"noopener noreferrer\" \t>\n\t\t<span>\n\t\t\t\n\t\t\tNewsletter bestellen\t\t<\/span>\n\t\t\t<\/a>\n\t<\/div>\n<\/div><\/div><\/div><\/div><div id=\"pg-2373-1\"  class=\"panel-grid panel-has-style\" ><div class=\"siteorigin-panels-stretch kt-panel-row-stretch panel-row-style panel-row-style-for-2373-1\" style=\"visibility: hidden;\" data-stretch-type=\"full\" ><div id=\"pgc-2373-1-0\"  class=\"panel-grid-cell\" ><div id=\"panel-2373-1-0-0\" class=\"so-panel widget widget_sow-editor panel-first-child panel-last-child\" data-index=\"2\" ><div\n\t\t\t\n\t\t\tclass=\"so-widget-sow-editor so-widget-sow-editor-base\"\n\t\t\t\n\t\t>\n<div class=\"siteorigin-widget-tinymce textwidget\">\n\t<h5>2026 arbeiten wir auf Hochtouren an einer neuen Live-Reportage \u00fcber unsere zweij\u00e4hrige Reise durch Westafrika. Zus\u00e4tzlich verarbeiten wir die vielf\u00e4ltigen, teils unglaublichen Erlebnisse auch in einem neuen Buch. Daher k\u00f6nnen wir 2026 nur auf ausgew\u00e4hlten Live-Events zu Gast sein.<\/h5>\n<p>&nbsp;<\/p>\n\n<table id=\"tablepress-43-no-2\" class=\"tablepress tablepress-id-43 tablepress-responsive\">\n<thead>\n<tr class=\"row-1\">\n\t<th class=\"column-1\">Thema<\/th><th class=\"column-2\">Ort<\/th><th class=\"column-3\">Datum<\/th><th class=\"column-4\">Uhrzeit<\/th><th class=\"column-5\">VVK-Stellen<\/th>\n<\/tr>\n<\/thead>\n<tbody>\n<tr class=\"row-2\">\n\t<td class=\"column-1\"><a href=\"https:\/\/www.abseitsreisen.de\/blog\/portfolio\/abenteuer-transafrika\/\" rel=\"noopener\" target=\"_blank\"><img loading=\"lazy\" decoding=\"async\" data-id=\"181913\"  src=\"http:\/\/www.abseitsreisen.de\/blog\/wp-content\/uploads\/2016\/07\/Show-5-Plakat-2017-WEB.jpg\" alt=\"\" width=\"100\" height=\"100\" class=\"alignleft size-full wp-image-181913\" srcset=\"https:\/\/www.abseitsreisen.de\/blog\/wp-content\/uploads\/2016\/07\/Show-5-Plakat-2017-WEB.jpg 540w, https:\/\/www.abseitsreisen.de\/blog\/wp-content\/uploads\/2016\/07\/Show-5-Plakat-2017-WEB-290x290.jpg 290w, https:\/\/www.abseitsreisen.de\/blog\/wp-content\/uploads\/2016\/07\/Show-5-Plakat-2017-WEB-300x300.jpg 300w, https:\/\/www.abseitsreisen.de\/blog\/wp-content\/uploads\/2016\/07\/Show-5-Plakat-2017-WEB-60x60.jpg 60w, https:\/\/www.abseitsreisen.de\/blog\/wp-content\/uploads\/2016\/07\/Show-5-Plakat-2017-WEB-100x100.jpg 100w, https:\/\/www.abseitsreisen.de\/blog\/wp-content\/uploads\/2016\/07\/Show-5-Plakat-2017-WEB-370x370.jpg 370w\" sizes=\"auto, (max-width: 100px) 100vw, 100px\" \/><\/a><\/td><td class=\"column-2\"><strong>SEEKIRCHEN<\/strong><br \/>\n<a href=\"https:\/\/www.emailwerk.at\" rel=\"noopener\" target=\"_blank\">Emailwerk<\/a><\/td><td class=\"column-3\"><strong>09. Januar 2026<\/strong><br \/>\nFreitag<\/td><td class=\"column-4\"><strong>20:00 Uhr<\/strong><\/td><td class=\"column-5\"><\/td>\n<\/tr>\n<tr class=\"row-3\">\n\t<td class=\"column-1\"><a href=\"https:\/\/www.abseitsreisen.de\/blog\/portfolio\/abenteuer-transafrika\/\" rel=\"noopener\" target=\"_blank\"><img loading=\"lazy\" decoding=\"async\" data-id=\"181913\"  src=\"http:\/\/www.abseitsreisen.de\/blog\/wp-content\/uploads\/2016\/07\/Show-5-Plakat-2017-WEB.jpg\" alt=\"\" width=\"100\" height=\"100\" class=\"alignleft size-full wp-image-181913\" srcset=\"https:\/\/www.abseitsreisen.de\/blog\/wp-content\/uploads\/2016\/07\/Show-5-Plakat-2017-WEB.jpg 540w, https:\/\/www.abseitsreisen.de\/blog\/wp-content\/uploads\/2016\/07\/Show-5-Plakat-2017-WEB-290x290.jpg 290w, https:\/\/www.abseitsreisen.de\/blog\/wp-content\/uploads\/2016\/07\/Show-5-Plakat-2017-WEB-300x300.jpg 300w, https:\/\/www.abseitsreisen.de\/blog\/wp-content\/uploads\/2016\/07\/Show-5-Plakat-2017-WEB-60x60.jpg 60w, https:\/\/www.abseitsreisen.de\/blog\/wp-content\/uploads\/2016\/07\/Show-5-Plakat-2017-WEB-100x100.jpg 100w, https:\/\/www.abseitsreisen.de\/blog\/wp-content\/uploads\/2016\/07\/Show-5-Plakat-2017-WEB-370x370.jpg 370w\" sizes=\"auto, (max-width: 100px) 100vw, 100px\" \/><\/a><\/td><td class=\"column-2\"><strong>STUTTGART<\/strong><br \/>\n<a href=\"https:\/\/www.traumundabenteuer.com\/programm.html#preview\" rel=\"noopener\" target=\"_blank\">Traum und Abenteuer<\/a><\/td><td class=\"column-3\"><strong>22. Februar 2026<\/strong><br \/>\nSonntag<\/td><td class=\"column-4\"><strong>18:00 Uhr<\/strong><\/td><td class=\"column-5\"><a href=\"https:\/\/traumundabenteuer.ticket.io\/7u2d6wbv\/\" rel=\"noopener\" target=\"_blank\">Tickets<\/a><\/td>\n<\/tr>\n<tr class=\"row-4\">\n\t<td class=\"column-1\"><img loading=\"lazy\" decoding=\"async\" data-id=\"181915\"  src=\"https:\/\/www.abseitsreisen.de\/blog\/wp-content\/uploads\/2016\/07\/Bis-ans-Ende-der-Welt-Plakat-A1neu.jpg\" alt=\"\" width=\"100\" height=\"100\" class=\"align left size-full wp-image-181915\" srcset=\"https:\/\/www.abseitsreisen.de\/blog\/wp-content\/uploads\/2016\/07\/Bis-ans-Ende-der-Welt-Plakat-A1neu.jpg 540w, https:\/\/www.abseitsreisen.de\/blog\/wp-content\/uploads\/2016\/07\/Bis-ans-Ende-der-Welt-Plakat-A1neu-290x290.jpg 290w, https:\/\/www.abseitsreisen.de\/blog\/wp-content\/uploads\/2016\/07\/Bis-ans-Ende-der-Welt-Plakat-A1neu-300x300.jpg 300w, https:\/\/www.abseitsreisen.de\/blog\/wp-content\/uploads\/2016\/07\/Bis-ans-Ende-der-Welt-Plakat-A1neu-60x60.jpg 60w, https:\/\/www.abseitsreisen.de\/blog\/wp-content\/uploads\/2016\/07\/Bis-ans-Ende-der-Welt-Plakat-A1neu-100x100.jpg 100w, https:\/\/www.abseitsreisen.de\/blog\/wp-content\/uploads\/2016\/07\/Bis-ans-Ende-der-Welt-Plakat-A1neu-370x370.jpg 370w\" sizes=\"auto, (max-width: 100px) 100vw, 100px\" \/><\/td><td class=\"column-2\"><strong>MEIKIRCH CH<\/strong><br \/>\n<a href=\"https:\/\/www.baerenmeikirch.ch\/baerenvision.html\" rel=\"noopener\" target=\"_blank\">B\u00e4renvision<\/a><\/td><td class=\"column-3\"><strong>28. Februar 2026<\/strong><br \/>\nSamstag<\/td><td class=\"column-4\"><strong>19:30 Uhr<\/strong><\/td><td class=\"column-5\"><a href=\"https:\/\/www.baerenmeikirch.ch\/baerenvision.html\" rel=\"noopener\" target=\"_blank\">Tickets<\/a><\/td>\n<\/tr>\n<tr class=\"row-5\">\n\t<td class=\"column-1\"><img loading=\"lazy\" decoding=\"async\" data-id=\"334366\"  src=\"https:\/\/www.abseitsreisen.de\/blog\/wp-content\/uploads\/2026\/02\/Titel-Nordamerika-2-290x290.jpg\" alt=\"\" width=\"100\" height=\"100\" class=\"alignleft size-thumbnail wp-image-334366\" srcset=\"https:\/\/www.abseitsreisen.de\/blog\/wp-content\/uploads\/2026\/02\/Titel-Nordamerika-2-290x290.jpg 290w, https:\/\/www.abseitsreisen.de\/blog\/wp-content\/uploads\/2026\/02\/Titel-Nordamerika-2-300x300.jpg 300w, https:\/\/www.abseitsreisen.de\/blog\/wp-content\/uploads\/2026\/02\/Titel-Nordamerika-2-1024x1024.jpg 1024w, https:\/\/www.abseitsreisen.de\/blog\/wp-content\/uploads\/2026\/02\/Titel-Nordamerika-2-768x768.jpg 768w, https:\/\/www.abseitsreisen.de\/blog\/wp-content\/uploads\/2026\/02\/Titel-Nordamerika-2-1536x1536.jpg 1536w, https:\/\/www.abseitsreisen.de\/blog\/wp-content\/uploads\/2026\/02\/Titel-Nordamerika-2-2048x2048.jpg 2048w, https:\/\/www.abseitsreisen.de\/blog\/wp-content\/uploads\/2026\/02\/Titel-Nordamerika-2-60x60.jpg 60w\" sizes=\"auto, (max-width: 100px) 100vw, 100px\" \/><\/td><td class=\"column-2\"><strong>TULLN<\/strong><br \/>\n<a href=\"https:\/\/allradaustria.at\" rel=\"noopener\" target=\"_blank\">Adventure Allrad Austria<\/a><\/td><td class=\"column-3\"><strong>19. Juni 2026<\/strong><br \/>\nFreitag<\/td><td class=\"column-4\">Uhrzeit folgt<\/td><td class=\"column-5\"><\/td>\n<\/tr>\n<tr class=\"row-6\">\n\t<td class=\"column-1\"><img loading=\"lazy\" decoding=\"async\" data-id=\"334367\"  src=\"https:\/\/www.abseitsreisen.de\/blog\/wp-content\/uploads\/2026\/02\/Unknown-290x290.jpeg\" alt=\"\" width=\"100\" height=\"100\" class=\"alignleft size-thumbnail wp-image-334367\" srcset=\"https:\/\/www.abseitsreisen.de\/blog\/wp-content\/uploads\/2026\/02\/Unknown-290x290.jpeg 290w, https:\/\/www.abseitsreisen.de\/blog\/wp-content\/uploads\/2026\/02\/Unknown-300x300.jpeg 300w, https:\/\/www.abseitsreisen.de\/blog\/wp-content\/uploads\/2026\/02\/Unknown-1024x1024.jpeg 1024w, https:\/\/www.abseitsreisen.de\/blog\/wp-content\/uploads\/2026\/02\/Unknown-768x768.jpeg 768w, https:\/\/www.abseitsreisen.de\/blog\/wp-content\/uploads\/2026\/02\/Unknown-60x60.jpeg 60w, https:\/\/www.abseitsreisen.de\/blog\/wp-content\/uploads\/2026\/02\/Unknown.jpeg 1434w\" sizes=\"auto, (max-width: 100px) 100vw, 100px\" \/><\/td><td class=\"column-2\"><strong>TULLN<\/strong><br \/>\n<a href=\"https:\/\/allradaustria.at\" rel=\"noopener\" target=\"_blank\">Adventure Allrad Austria<\/a><\/td><td class=\"column-3\"><strong>20. Juni 2026<\/strong><br \/>\nSamstag<\/td><td class=\"column-4\">Uhrzeit folgt<\/td><td class=\"column-5\"><\/td>\n<\/tr>\n<tr class=\"row-7\">\n\t<td class=\"column-1\"><img loading=\"lazy\" decoding=\"async\" data-id=\"334368\"  src=\"https:\/\/www.abseitsreisen.de\/blog\/wp-content\/uploads\/2026\/02\/Fernreise-1x1-Titel-290x290.jpg\" alt=\"\" width=\"100\" height=\"100\" class=\"alignleft size-thumbnail wp-image-334368\" srcset=\"https:\/\/www.abseitsreisen.de\/blog\/wp-content\/uploads\/2026\/02\/Fernreise-1x1-Titel-290x290.jpg 290w, https:\/\/www.abseitsreisen.de\/blog\/wp-content\/uploads\/2026\/02\/Fernreise-1x1-Titel-300x300.jpg 300w, https:\/\/www.abseitsreisen.de\/blog\/wp-content\/uploads\/2026\/02\/Fernreise-1x1-Titel-1024x1024.jpg 1024w, https:\/\/www.abseitsreisen.de\/blog\/wp-content\/uploads\/2026\/02\/Fernreise-1x1-Titel-768x768.jpg 768w, https:\/\/www.abseitsreisen.de\/blog\/wp-content\/uploads\/2026\/02\/Fernreise-1x1-Titel-1536x1536.jpg 1536w, https:\/\/www.abseitsreisen.de\/blog\/wp-content\/uploads\/2026\/02\/Fernreise-1x1-Titel-60x60.jpg 60w, https:\/\/www.abseitsreisen.de\/blog\/wp-content\/uploads\/2026\/02\/Fernreise-1x1-Titel.jpg 1890w\" sizes=\"auto, (max-width: 100px) 100vw, 100px\" \/><\/td><td class=\"column-2\"><strong>TULLN<\/strong><br \/>\n<a href=\"https:\/\/allradaustria.at\" rel=\"noopener\" target=\"_blank\">Adventure Allrad Austria<\/a><\/td><td class=\"column-3\"><strong>20. Juni 2026<\/strong><br \/>\nSamstag<\/td><td class=\"column-4\">Uhrzeit folgt<\/td><td class=\"column-5\"><\/td>\n<\/tr>\n<tr class=\"row-8\">\n\t<td class=\"column-1\"><a href=\"https:\/\/www.abseitsreisen.de\/blog\/portfolio\/abenteuer-transafrika\/\" rel=\"noopener\" target=\"_blank\"><img loading=\"lazy\" decoding=\"async\" data-id=\"181913\"  src=\"http:\/\/www.abseitsreisen.de\/blog\/wp-content\/uploads\/2016\/07\/Show-5-Plakat-2017-WEB.jpg\" alt=\"\" width=\"100\" height=\"100\" class=\"alignleft size-full wp-image-181913\" srcset=\"https:\/\/www.abseitsreisen.de\/blog\/wp-content\/uploads\/2016\/07\/Show-5-Plakat-2017-WEB.jpg 540w, https:\/\/www.abseitsreisen.de\/blog\/wp-content\/uploads\/2016\/07\/Show-5-Plakat-2017-WEB-290x290.jpg 290w, https:\/\/www.abseitsreisen.de\/blog\/wp-content\/uploads\/2016\/07\/Show-5-Plakat-2017-WEB-300x300.jpg 300w, https:\/\/www.abseitsreisen.de\/blog\/wp-content\/uploads\/2016\/07\/Show-5-Plakat-2017-WEB-60x60.jpg 60w, https:\/\/www.abseitsreisen.de\/blog\/wp-content\/uploads\/2016\/07\/Show-5-Plakat-2017-WEB-100x100.jpg 100w, https:\/\/www.abseitsreisen.de\/blog\/wp-content\/uploads\/2016\/07\/Show-5-Plakat-2017-WEB-370x370.jpg 370w\" sizes=\"auto, (max-width: 100px) 100vw, 100px\" \/><\/a><\/td><td class=\"column-2\"><strong>TULLN<\/strong><br \/>\n<a href=\"https:\/\/allradaustria.at\" rel=\"noopener\" target=\"_blank\">Adventure Allrad Austria<\/a><\/td><td class=\"column-3\"><strong>20. Juni 2026<\/strong><br \/>\nSamstag<\/td><td class=\"column-4\">Uhrzeit folgt<\/td><td class=\"column-5\"><\/td>\n<\/tr>\n<tr class=\"row-9\">\n\t<td class=\"column-1\">Thema folgt<\/td><td class=\"column-2\"><strong>WELS (A)<\/strong><br \/>\n<a href=\"https:\/\/caravan-wels.at\" rel=\"noopener\" target=\"_blank\">Caravan Salon Austria <\/a><\/td><td class=\"column-3\"><strong>16. Oktober 2026<\/strong><br \/>\nFreitag<\/td><td class=\"column-4\">Uhrzeit folgt<\/td><td class=\"column-5\"><\/td>\n<\/tr>\n<tr class=\"row-10\">\n\t<td class=\"column-1\">Thema folgt<\/td><td class=\"column-2\"><strong>WELS (A)<\/strong><br \/>\n<a href=\"https:\/\/caravan-wels.at\" rel=\"noopener\" target=\"_blank\">Caravan Salon Austria <\/a><\/td><td class=\"column-3\"><strong>17. Oktober 2026<\/strong><br \/>\nSamstag<\/td><td class=\"column-4\">Uhrzeit folgt<\/td><td class=\"column-5\"><\/td>\n<\/tr>\n<tr class=\"row-11\">\n\t<td class=\"column-1\">Thema folgt<\/td><td class=\"column-2\"><strong>WELS (A)<\/strong><br \/>\n<a href=\"https:\/\/caravan-wels.at\" rel=\"noopener\" target=\"_blank\">Caravan Salon Austria <\/a><\/td><td class=\"column-3\"><strong>18. Oktober 2026<\/strong><br \/>\nSonntag<\/td><td class=\"column-4\">Uhrzeit folgt<\/td><td class=\"column-5\"><\/td>\n<\/tr>\n<\/tbody>\n<\/table>\n<!-- #tablepress-43-no-2 from cache -->\n<\/div>\n<\/div><\/div><\/div><\/div><\/div><div id=\"pg-2373-2\"  class=\"panel-grid panel-no-style\" ><div id=\"pgc-2373-2-0\"  class=\"panel-grid-cell\" ><div id=\"panel-2373-2-0-0\" class=\"so-panel widget widget_sow-headline panel-first-child\" data-index=\"3\" ><div\n\t\t\t\n\t\t\tclass=\"so-widget-sow-headline so-widget-sow-headline-default-1e3316465757-2373\"\n\t\t\t\n\t\t><div class=\"sow-headline-container \">\n\t\t\t\t\t\t\t<h3 class=\"sow-headline\">\n\t\t\t\t\t\tZuk\u00fcnftige Termine per Newsletter?\t\t\t\t\t\t<\/h3>\n\t\t\t\t\t\t<\/div>\n<\/div><\/div><div id=\"panel-2373-2-0-1\" class=\"so-panel widget widget_sow-button\" data-index=\"4\" ><div\n\t\t\t\n\t\t\tclass=\"so-widget-sow-button so-widget-sow-button-flat-67ff546dda30-2373\"\n\t\t\t\n\t\t><div class=\"ow-button-base ow-button-align-center\"\n>\n\t\t\t<a\n\t\t\t\t\thref=\"http:\/\/ymlp.com\/xgbbewmegmgus\"\n\t\t\t\t\tclass=\"sowb-button ow-icon-placement-left ow-button-hover\" target=\"_blank\" rel=\"noopener noreferrer\" \t>\n\t\t<span>\n\t\t\t\n\t\t\tNewsletter bestellen\t\t<\/span>\n\t\t\t<\/a>\n\t<\/div>\n<\/div><\/div><div id=\"panel-2373-2-0-2\" class=\"so-panel widget widget_sow-headline panel-last-child\" data-index=\"5\" ><div\n\t\t\t\n\t\t\tclass=\"so-widget-sow-headline so-widget-sow-headline-default-e5be6f437fad-2373\"\n\t\t\t\n\t\t><div class=\"sow-headline-container \">\n\t\t\t\t\t\t<div class=\"decoration\">\n\t\t\t\t\t\t<div class=\"decoration-inside\"><\/div>\n\t\t\t\t\t<\/div>\n\t\t\t\t\t<\/div>\n<\/div><\/div><\/div><\/div><\/div>","protected":false},"excerpt":{"rendered":"<p>2026 arbeiten wir auf Hochtouren an einer neuen Live-Reportage \u00fcber unsere zweij\u00e4hrige Reise durch Westafrika. Zus\u00e4tzlich verarbeiten wir die vielf\u00e4ltigen, teils unglaublichen Erlebnisse auch in einem neuen Buch. Daher k\u00f6nnen wir 2026 nur auf ausgew\u00e4hlten Live-Events zu Gast sein. &nbsp;<\/p>\n","protected":false},"author":3,"featured_media":7860,"parent":712,"menu_order":0,"comment_status":"closed","ping_status":"closed","template":"template-portfolio-grid.php","meta":{"kt_blocks_editor_width":"","_metis_text_type":"standard","_metis_text_length":1163,"_post_count":0,"footnotes":""},"class_list":["post-2373","page","type-page","status-publish","has-post-thumbnail","hentry"],"aioseo_notices":[],"_links":{"self":[{"href":"https:\/\/www.abseitsreisen.de\/blog\/wp-json\/wp\/v2\/pages\/2373","targetHints":{"allow":["GET"]}}],"collection":[{"href":"https:\/\/www.abseitsreisen.de\/blog\/wp-json\/wp\/v2\/pages"}],"about":[{"href":"https:\/\/www.abseitsreisen.de\/blog\/wp-json\/wp\/v2\/types\/page"}],"author":[{"embeddable":true,"href":"https:\/\/www.abseitsreisen.de\/blog\/wp-json\/wp\/v2\/users\/3"}],"replies":[{"embeddable":true,"href":"https:\/\/www.abseitsreisen.de\/blog\/wp-json\/wp\/v2\/comments?post=2373"}],"version-history":[{"count":170,"href":"https:\/\/www.abseitsreisen.de\/blog\/wp-json\/wp\/v2\/pages\/2373\/revisions"}],"predecessor-version":[{"id":334361,"href":"https:\/\/www.abseitsreisen.de\/blog\/wp-json\/wp\/v2\/pages\/2373\/revisions\/334361"}],"up":[{"embeddable":true,"href":"https:\/\/www.abseitsreisen.de\/blog\/wp-json\/wp\/v2\/pages\/712"}],"wp:featuredmedia":[{"embeddable":true,"href":"https:\/\/www.abseitsreisen.de\/blog\/wp-json\/wp\/v2\/media\/7860"}],"wp:attachment":[{"href":"https:\/\/www.abseitsreisen.de\/blog\/wp-json\/wp\/v2\/media?parent=2373"}],"curies":[{"name":"wp","href":"https:\/\/api.w.org\/{rel}","templated":true}]}}