{"id":278,"date":"2010-05-11T13:25:01","date_gmt":"2010-05-11T11:25:01","guid":{"rendered":"http:\/\/www.abseitsreisen.de\/blog\/?page_id=278"},"modified":"2024-02-08T15:19:09","modified_gmt":"2024-02-08T14:19:09","slug":"profil","status":"publish","type":"page","link":"https:\/\/www.abseitsreisen.de\/blog\/profil\/","title":{"rendered":"Profil"},"content":{"rendered":"<div id=\"pl-278\"  class=\"panel-layout\" ><div id=\"pg-278-0\"  class=\"panel-grid panel-no-style\" ><div id=\"pgc-278-0-0\"  class=\"panel-grid-cell\" ><div id=\"panel-278-0-0-0\" class=\"so-panel widget widget_sow-editor panel-first-child panel-last-child\" data-index=\"0\" ><div\n\t\t\t\n\t\t\tclass=\"so-widget-sow-editor so-widget-sow-editor-base\"\n\t\t\t\n\t\t><h3 class=\"widget-title\">Sabine Hoppe &amp; Thomas Rahn<\/h3>\n<div class=\"siteorigin-widget-tinymce textwidget\">\n\t<p><img loading=\"lazy\" decoding=\"async\" class=\"aligncenter size-full wp-image-334023\" src=\"https:\/\/www.abseitsreisen.de\/blog\/wp-content\/uploads\/2023\/11\/Westafrika_klein_.jpg\" alt=\"\" width=\"1000\" height=\"391\" data-id=\"334023\" srcset=\"https:\/\/www.abseitsreisen.de\/blog\/wp-content\/uploads\/2023\/11\/Westafrika_klein_.jpg 1000w, https:\/\/www.abseitsreisen.de\/blog\/wp-content\/uploads\/2023\/11\/Westafrika_klein_-300x117.jpg 300w, https:\/\/www.abseitsreisen.de\/blog\/wp-content\/uploads\/2023\/11\/Westafrika_klein_-768x300.jpg 768w\" sizes=\"auto, (max-width: 1000px) 100vw, 1000px\" \/><\/p>\n<p>Mit neunzehn Jahren packten wir zum ersten Mal die Rucks\u00e4cke, um auf eigene Faust Europa zu erkunden. Wir lie\u00dfen den allt\u00e4glichen Luxus zur\u00fcck, \u00fcbernachteten in Schlafs\u00e4len mit bis zu sechzig Leuten, kauerten auf Bahnh\u00f6fen und liefen uns die F\u00fc\u00dfe wund. Doch da war es, das unvergleichliche Gef\u00fchl von Freiheit, Ungebundenheit und Unabh\u00e4ngigkeit.<\/p>\n<p>SECHS JAHRE WELTUMRUNDUNG<br \/>\nJahr f\u00fcr Jahr wurden die Reisen l\u00e4nger, die Ziele ferner. Doch unsere Neugier auf die Welt und ihre Bewohner wuchs noch mehr und mit ihr die Vorstellung einer Langzeitreise. Wir wollten losziehen, unsere Tr\u00e4ume nicht von \u00c4ngsten und Vorbehalten zerst\u00f6ren lassen und so lange die Welt bereisen, wie es uns Freude macht. Dass allein die erste Reise im Oldtimer gleich sechs Jahre dauern w\u00fcrde, wir 54 L\u00e4nder durchqueren und dabei den Globus einmal komplett umrunden, hatten wir nicht geahnt.<\/p>\n<p>WELTWEIT ABSEITSREISEN<br \/>\nUnsere Leidenschaft ist zum Beruf geworden. F\u00fcr Reportagen sind wir weltweit abseits unterwegs. Im UAZ Buchanka durch den wilden Kaukasus, im VW Bus in die W\u00fcste Tunesiens oder mit einem exotischen Karenjy komplett durch Madagaskar. Abgelegene Ecken Namibias konnten wir im Landcruiser entdecken und mit dem Oldtimer-Lkw Polen kennenlernen.<\/p>\n<p>DURCH AFRIKAS WESTEN<br \/>\nIm September 2022 sind wir erneut mit unserem Oldtimer-Lkw Paula aufgebrochen. Zwei Jahre Zeit haben wir im Gep\u00e4ck und den Wunsch, das westliche Afrika und seine Menschen besser kennenzulernen.<\/p>\n<p>LIVE-REPORTAGEN \/ REPORTAGEN \/ BUCH<br \/>\nIn <a href=\"https:\/\/www.abseitsreisen.de\/blog\/reise-vortrage\/\" target=\"_blank\" rel=\"noopener\">Live-Reportagen<\/a> berichten wir\u00a0von den abenteuerlichen Etappen der Weltumrundung und sind auf renommierten Reisefestivals, Vortragsreihen und Firmenevents zu Gast. Als Reisejournalisten schreiben wir f\u00fcr Fachmagazine und treten als Referenten bei Messen und Workshops auf. In <a href=\"https:\/\/www.abseitsreisen.de\/blog\/kurzfilme\/\" target=\"_blank\" rel=\"noopener\">Kurzfilmen<\/a> geben wir Einblicke in unsere Reisen. Das <a href=\"https:\/\/www.abseitsreisen.de\/blog\/2019\/02\/18\/6-jahre-weltumrundung-das-buch-zur-reise-comming-soon\/\" target=\"_blank\" rel=\"noopener\">Buch\u00a0\u201eSechs Jahre Weltumrundung\u201c<\/a> ist bei Piper und National Geographic erschienen.<\/p>\n<p><img loading=\"lazy\" decoding=\"async\" class=\"aligncenter size-large wp-image-181983\" src=\"https:\/\/www.abseitsreisen.de\/blog\/wp-content\/uploads\/2019\/01\/Plauen_18_blog-1024x404.jpg\" alt=\"\" width=\"1024\" height=\"404\" data-id=\"181983\" srcset=\"https:\/\/www.abseitsreisen.de\/blog\/wp-content\/uploads\/2019\/01\/Plauen_18_blog-1024x404.jpg 1024w, https:\/\/www.abseitsreisen.de\/blog\/wp-content\/uploads\/2019\/01\/Plauen_18_blog-300x118.jpg 300w, https:\/\/www.abseitsreisen.de\/blog\/wp-content\/uploads\/2019\/01\/Plauen_18_blog-768x303.jpg 768w, https:\/\/www.abseitsreisen.de\/blog\/wp-content\/uploads\/2019\/01\/Plauen_18_blog-600x237.jpg 600w, https:\/\/www.abseitsreisen.de\/blog\/wp-content\/uploads\/2019\/01\/Plauen_18_blog.jpg 1140w\" sizes=\"auto, (max-width: 1024px) 100vw, 1024px\" \/><\/p>\n<p>Foto@EricFresia<\/p>\n<\/div>\n<\/div><\/div><\/div><\/div><div id=\"pg-278-1\"  class=\"panel-grid panel-no-style\" ><div id=\"pgc-278-1-0\"  class=\"panel-grid-cell\" ><div id=\"panel-278-1-0-0\" class=\"so-panel widget widget_sow-headline panel-first-child panel-last-child\" data-index=\"1\" ><div\n\t\t\t\n\t\t\tclass=\"so-widget-sow-headline so-widget-sow-headline-default-e5be6f437fad-278\"\n\t\t\t\n\t\t><div class=\"sow-headline-container \">\n\t\t\t\t\t\t<div class=\"decoration\">\n\t\t\t\t\t\t<div class=\"decoration-inside\"><\/div>\n\t\t\t\t\t<\/div>\n\t\t\t\t\t<\/div>\n<\/div><\/div><\/div><\/div><div id=\"pg-278-2\"  class=\"panel-grid panel-no-style\" ><div id=\"pgc-278-2-0\"  class=\"panel-grid-cell\" ><div id=\"panel-278-2-0-0\" class=\"so-panel widget widget_sow-image panel-first-child panel-last-child\" data-index=\"2\" ><div\n\t\t\t\n\t\t\tclass=\"so-widget-sow-image so-widget-sow-image-default-dbf295114b96-278\"\n\t\t\t\n\t\t>\n<div class=\"sow-image-container\">\n\t\t<img \n\tsrc=\"https:\/\/www.abseitsreisen.de\/blog\/wp-content\/uploads\/2010\/05\/Profil-Hoppe-1140px-web.jpg\" width=\"1140\" height=\"760\" srcset=\"https:\/\/www.abseitsreisen.de\/blog\/wp-content\/uploads\/2010\/05\/Profil-Hoppe-1140px-web.jpg 1140w, https:\/\/www.abseitsreisen.de\/blog\/wp-content\/uploads\/2010\/05\/Profil-Hoppe-1140px-web-300x200.jpg 300w, https:\/\/www.abseitsreisen.de\/blog\/wp-content\/uploads\/2010\/05\/Profil-Hoppe-1140px-web-768x512.jpg 768w, https:\/\/www.abseitsreisen.de\/blog\/wp-content\/uploads\/2010\/05\/Profil-Hoppe-1140px-web-1024x683.jpg 1024w, https:\/\/www.abseitsreisen.de\/blog\/wp-content\/uploads\/2010\/05\/Profil-Hoppe-1140px-web-272x182.jpg 272w\" sizes=\"(max-width: 1140px) 100vw, 1140px\" title=\"Profil-Hoppe\" alt=\"Profil Hoppe\" \t\tclass=\"so-widget-image\"\/>\n\t<\/div>\n\n<\/div><\/div><\/div><div id=\"pgc-278-2-1\"  class=\"panel-grid-cell\" ><div id=\"panel-278-2-1-0\" class=\"so-panel widget widget_sow-editor panel-first-child panel-last-child\" data-index=\"3\" ><div\n\t\t\t\n\t\t\tclass=\"so-widget-sow-editor so-widget-sow-editor-base\"\n\t\t\t\n\t\t>\n<div class=\"siteorigin-widget-tinymce textwidget\">\n\t<p><strong>Sabine Hoppe<\/strong><\/p>\n<p>Wurde 1980 in Hirschau geboren, wuchs in Amberg auf, studierte ab 2000 Kunst und Germanistik an der Universit\u00e4t Regensburg und der Ludwig-Maximilian-Universit\u00e4t in M\u00fcnchen und schloss die Pr\u00fcfung zum Staatsexamen 2005 ab. Im Anschluss studierte sie Malerei an der Akademie der Bildenden K\u00fcnste Stuttgart bei Prof. Alexander Roob. W\u00e4hrend der Reise arbeitete sie an dem l\u00e4nder\u00fcbergreifenden Kunstprojekt <a href=\"https:\/\/www.abseitsreisen.de\/blog\/blog\/2013\/11\/22\/deutschland-kunstprojekt-ferne-welten-im-neuen-kunstverein-regensburg\/?preview_id=3848&amp;preview_nonce=a3df93f78e&amp;post_format=standard&amp;_thumbnail_id=3852&amp;preview=true\" target=\"_blank\" rel=\"noopener\">'Ferne Welten'<\/a>.\u00a0Einige ihrer Arbeiten gibt es auf <a title=\"Sabine Hoppe - Malerei und Zeichnung\" href=\"http:\/\/www.sabine-hoppe.de\" target=\"_blank\" rel=\"noopener\">www.sabine-hoppe.de<\/a><\/p>\n<p>Sabine ist Realschullehrerin und als Autorin, Foto- und Videografin t\u00e4tig.<\/p>\n<\/div>\n<\/div><\/div><\/div><\/div><div id=\"pg-278-3\"  class=\"panel-grid panel-no-style\" ><div id=\"pgc-278-3-0\"  class=\"panel-grid-cell\" ><div id=\"panel-278-3-0-0\" class=\"so-panel widget widget_sow-headline panel-first-child panel-last-child\" data-index=\"4\" ><div\n\t\t\t\n\t\t\tclass=\"so-widget-sow-headline so-widget-sow-headline-default-7b1f7487edaa-278\"\n\t\t\t\n\t\t><div class=\"sow-headline-container \">\n\t\t\t\t\t\t<div class=\"decoration\">\n\t\t\t\t\t\t<div class=\"decoration-inside\"><\/div>\n\t\t\t\t\t<\/div>\n\t\t\t\t\t<\/div>\n<\/div><\/div><\/div><\/div><div id=\"pg-278-4\"  class=\"panel-grid panel-no-style\" ><div id=\"pgc-278-4-0\"  class=\"panel-grid-cell\" ><div id=\"panel-278-4-0-0\" class=\"so-panel widget widget_sow-editor panel-first-child panel-last-child\" data-index=\"5\" ><div\n\t\t\t\n\t\t\tclass=\"so-widget-sow-editor so-widget-sow-editor-base\"\n\t\t\t\n\t\t>\n<div class=\"siteorigin-widget-tinymce textwidget\">\n\t<p><strong>Thomas Rahn<\/strong><\/p>\n<p>1980 in Amberg geboren, verbrachte er seine Kindheit und Schulzeit in Freihung \/ Landkreis Amberg-Sulzbach. Er studierte Architektur an der Technischen Universit\u00e4t M\u00fcnchen und Forstwissenschaft am Wissenschaftszentrum Weihenstephan. Nach Abschluss beider F\u00e4cher zum Diplom, besch\u00e4ftigte er sich wissenschaftlich mit Umweltwahrnehmung.<\/p>\n<p>Thomas arbeitet als Reisejournalist, Vortragsreferent, Autor und Fotograf. Seit 2017 ist er berufenes Mitglied der GBV (Gesellschaft f\u00fcr Bild und Vortrag).<\/p>\n<p>&nbsp;<\/p>\n<\/div>\n<\/div><\/div><\/div><div id=\"pgc-278-4-1\"  class=\"panel-grid-cell\" ><div id=\"panel-278-4-1-0\" class=\"so-panel widget widget_sow-image panel-first-child panel-last-child\" data-index=\"6\" ><div\n\t\t\t\n\t\t\tclass=\"so-widget-sow-image so-widget-sow-image-default-dbf295114b96-278\"\n\t\t\t\n\t\t>\n<div class=\"sow-image-container\">\n\t\t<img \n\tsrc=\"https:\/\/www.abseitsreisen.de\/blog\/wp-content\/uploads\/2010\/05\/Profilbild-Rahn-web.jpg\" width=\"1140\" height=\"760\" srcset=\"https:\/\/www.abseitsreisen.de\/blog\/wp-content\/uploads\/2010\/05\/Profilbild-Rahn-web.jpg 1140w, https:\/\/www.abseitsreisen.de\/blog\/wp-content\/uploads\/2010\/05\/Profilbild-Rahn-web-300x200.jpg 300w, https:\/\/www.abseitsreisen.de\/blog\/wp-content\/uploads\/2010\/05\/Profilbild-Rahn-web-768x512.jpg 768w, https:\/\/www.abseitsreisen.de\/blog\/wp-content\/uploads\/2010\/05\/Profilbild-Rahn-web-1024x683.jpg 1024w, https:\/\/www.abseitsreisen.de\/blog\/wp-content\/uploads\/2010\/05\/Profilbild-Rahn-web-272x182.jpg 272w\" sizes=\"(max-width: 1140px) 100vw, 1140px\" title=\"Profilbild-Rahn\" alt=\"Profil Hoppe\" \t\tclass=\"so-widget-image\"\/>\n\t<\/div>\n\n<\/div><\/div><\/div><\/div><div id=\"pg-278-5\"  class=\"panel-grid panel-no-style\" ><div id=\"pgc-278-5-0\"  class=\"panel-grid-cell\" ><div id=\"panel-278-5-0-0\" class=\"so-panel widget widget_sow-headline panel-first-child panel-last-child\" data-index=\"7\" ><div\n\t\t\t\n\t\t\tclass=\"so-widget-sow-headline so-widget-sow-headline-default-7b1f7487edaa-278\"\n\t\t\t\n\t\t><div class=\"sow-headline-container \">\n\t\t\t\t\t\t<div class=\"decoration\">\n\t\t\t\t\t\t<div class=\"decoration-inside\"><\/div>\n\t\t\t\t\t<\/div>\n\t\t\t\t\t<\/div>\n<\/div><\/div><\/div><\/div><div id=\"pg-278-6\"  class=\"panel-grid panel-no-style\" ><div id=\"pgc-278-6-0\"  class=\"panel-grid-cell\" ><div id=\"panel-278-6-0-0\" class=\"so-panel widget widget_sow-image panel-first-child panel-last-child\" data-index=\"8\" ><div\n\t\t\t\n\t\t\tclass=\"so-widget-sow-image so-widget-sow-image-default-dbf295114b96-278\"\n\t\t\t\n\t\t>\n<div class=\"sow-image-container\">\n\t\t<img \n\tsrc=\"https:\/\/www.abseitsreisen.de\/blog\/wp-content\/uploads\/2010\/05\/Profilbild-Paula.jpg\" width=\"1140\" height=\"760\" srcset=\"https:\/\/www.abseitsreisen.de\/blog\/wp-content\/uploads\/2010\/05\/Profilbild-Paula.jpg 1140w, https:\/\/www.abseitsreisen.de\/blog\/wp-content\/uploads\/2010\/05\/Profilbild-Paula-300x200.jpg 300w, https:\/\/www.abseitsreisen.de\/blog\/wp-content\/uploads\/2010\/05\/Profilbild-Paula-768x512.jpg 768w, https:\/\/www.abseitsreisen.de\/blog\/wp-content\/uploads\/2010\/05\/Profilbild-Paula-1024x683.jpg 1024w, https:\/\/www.abseitsreisen.de\/blog\/wp-content\/uploads\/2010\/05\/Profilbild-Paula-272x182.jpg 272w\" sizes=\"(max-width: 1140px) 100vw, 1140px\" alt=\"Profil Hoppe\" \t\tclass=\"so-widget-image\"\/>\n\t<\/div>\n\n<\/div><\/div><\/div><div id=\"pgc-278-6-1\"  class=\"panel-grid-cell\" ><div id=\"panel-278-6-1-0\" class=\"so-panel widget widget_sow-editor panel-first-child panel-last-child\" data-index=\"9\" ><div\n\t\t\t\n\t\t\tclass=\"so-widget-sow-editor so-widget-sow-editor-base\"\n\t\t\t\n\t\t>\n<div class=\"siteorigin-widget-tinymce textwidget\">\n\t<p><strong>Paula<\/strong><\/p>\n<p>Mercedes Kurzhauber LA 911B, Baujahr 1977<br \/>\nEhemaliges Fahrzeug des BGS. Wohnkabine L 4,70 m x B 2,45 m x H 1,85 m<\/p>\n<p>Motor: 5,7L 6-Zylinder Saugdiesel, 130 PS. Abgas feinstaubfrei durch Flockentechnologie<br \/>\nGewicht 7,5 Tonnen, Verbrauch 19l auf 100km. (vormals: 22l)<br \/>\nH\u00f6chstgeschwindigkeit 85 km\/h, Reisegeschwindigkeit 75 km\/h<br \/>\nAllrad, Hinterachs-Differentialsperre, 385\/65 R22,5 Baustellenbereifung auf einteiligen 22,5x11,75 Stahlfelgen<br \/>\n(vormals: MPT-Reifen 335\/80 R20 auf SDC-Sprengringfelgen)<\/p>\n<p>Innenausstattung: Bett 1,30 x 1,90 m, Dusche, Toilette, Sitzecke, Gasherd, K\u00fchlschrank, Gasheizung, Holzofen<\/p>\n<p>900L Dieseltank, 2x150L Frischwassertank mit Filtersystem, 2x11kg Gasflaschen, 200kg Werkzeug und Ersatzteile<br \/>\n380Wp Solaranlage, 1x150 Ah LiFePo-12V-Bordbatterie<br \/>\nZeitraum f\u00fcr 100% autarkes Leben im Lkw ca. 2 Wochen<\/p>\n<p>Wichtigstes Ausstattungsmerkmal: Weltweiter Sympathiebonus.<\/p>\n<\/div>\n<\/div><\/div><\/div><\/div><div id=\"pg-278-7\"  class=\"panel-grid panel-no-style\" ><div id=\"pgc-278-7-0\"  class=\"panel-grid-cell\" ><div id=\"panel-278-7-0-0\" class=\"so-panel widget widget_sow-button panel-first-child panel-last-child\" data-index=\"10\" ><div\n\t\t\t\n\t\t\tclass=\"so-widget-sow-button so-widget-sow-button-atom-f54c0409268f-278\"\n\t\t\t\n\t\t><div class=\"ow-button-base ow-button-align-center\"\n>\n\t\t\t<a\n\t\t\t\t\thref=\"http:\/\/www.abseitsreisen.de\/blog\/reiseroute\/\"\n\t\t\t\t\tclass=\"sowb-button ow-icon-placement-left ow-button-hover\" \t>\n\t\t<span>\n\t\t\t\n\t\t\tReiseroute Weltumrundung\t\t<\/span>\n\t\t\t<\/a>\n\t<\/div>\n<\/div><\/div><\/div><\/div><div id=\"pg-278-8\"  class=\"panel-grid panel-no-style\" ><div id=\"pgc-278-8-0\"  class=\"panel-grid-cell\" ><div id=\"panel-278-8-0-0\" class=\"so-panel widget widget_sow-headline panel-first-child panel-last-child\" data-index=\"11\" ><div\n\t\t\t\n\t\t\tclass=\"so-widget-sow-headline so-widget-sow-headline-default-7b1f7487edaa-278\"\n\t\t\t\n\t\t><div class=\"sow-headline-container \">\n\t\t\t\t\t\t<div class=\"decoration\">\n\t\t\t\t\t\t<div class=\"decoration-inside\"><\/div>\n\t\t\t\t\t<\/div>\n\t\t\t\t\t<\/div>\n<\/div><\/div><\/div><\/div><\/div>","protected":false},"excerpt":{"rendered":"<p>Mit neunzehn Jahren packten wir zum ersten Mal die Rucks\u00e4cke, um auf eigene Faust Europa zu erkunden. Wir lie\u00dfen den allt\u00e4glichen Luxus zur\u00fcck, \u00fcbernachteten in Schlafs\u00e4len mit bis zu sechzig Leuten, kauerten auf Bahnh\u00f6fen und liefen uns die F\u00fc\u00dfe wund. &hellip; <a href=\"https:\/\/www.abseitsreisen.de\/blog\/profil\/\">Weiterlesen<\/a><\/p>\n","protected":false},"author":1,"featured_media":0,"parent":0,"menu_order":3,"comment_status":"closed","ping_status":"closed","template":"","meta":{"kt_blocks_editor_width":"","_metis_text_type":"standard","_metis_text_length":3913,"_post_count":0,"footnotes":""},"class_list":["post-278","page","type-page","status-publish","hentry"],"aioseo_notices":[],"public_identification_id":"184948b4b49a42759894902d242a833a","private_identification_id":"5ef35709b2b14557b566e668d6d8c4e8","_links":{"self":[{"href":"https:\/\/www.abseitsreisen.de\/blog\/wp-json\/wp\/v2\/pages\/278","targetHints":{"allow":["GET"]}}],"collection":[{"href":"https:\/\/www.abseitsreisen.de\/blog\/wp-json\/wp\/v2\/pages"}],"about":[{"href":"https:\/\/www.abseitsreisen.de\/blog\/wp-json\/wp\/v2\/types\/page"}],"author":[{"embeddable":true,"href":"https:\/\/www.abseitsreisen.de\/blog\/wp-json\/wp\/v2\/users\/1"}],"replies":[{"embeddable":true,"href":"https:\/\/www.abseitsreisen.de\/blog\/wp-json\/wp\/v2\/comments?post=278"}],"version-history":[{"count":85,"href":"https:\/\/www.abseitsreisen.de\/blog\/wp-json\/wp\/v2\/pages\/278\/revisions"}],"predecessor-version":[{"id":334085,"href":"https:\/\/www.abseitsreisen.de\/blog\/wp-json\/wp\/v2\/pages\/278\/revisions\/334085"}],"wp:attachment":[{"href":"https:\/\/www.abseitsreisen.de\/blog\/wp-json\/wp\/v2\/media?parent=278"}],"curies":[{"name":"wp","href":"https:\/\/api.w.org\/{rel}","templated":true}]}}