{"id":4690,"date":"2014-04-23T15:05:26","date_gmt":"2014-04-23T13:05:26","guid":{"rendered":"http:\/\/www.abseitsreisen.de\/blog\/?page_id=4690"},"modified":"2014-04-23T15:05:26","modified_gmt":"2014-04-23T13:05:26","slug":"kunstprojekt-ferne-welten","status":"publish","type":"page","link":"https:\/\/www.abseitsreisen.de\/blog\/kunstprojekt-ferne-welten\/","title":{"rendered":"Kunstprojekt. Ferne Welten"},"content":{"rendered":"<p style=\"text-align: justify;\"><span style=\"line-height: 1.5em;\">Der Beginn unserer Reise \u2018Im Oldtimer um die Welt\u2019 war gleichzeitig auch der Beginn des Kunstprojekts Ferne Welten.<\/span><\/p>\n<p style=\"text-align: justify;\">Malerisch die Welt erkunden, die Welt so abzubilden, wie sie einem erscheint und die eigene Sicht auf die Dinge f\u00fcr andere sichtbar machen, ist ein Weg, den man als K\u00fcnstler gehen kann.<\/p>\n<p style=\"text-align: justify;\">Bei dem Kunstprojekt Ferne Welten schlage ich einen neuen Weg ein und nutze die Reise um mehr \u00fcber die \u2018Welt der Anderen\u2019 zu erfahren. Wie sehen Menschen aus fernen L\u00e4ndern, aus fremden Kulturen ihre Welt? Welche Dinge sind ihnen wichtig? Wovon tr\u00e4umen sie?<\/p>\n<p style=\"text-align: justify;\">Im Laufe der vergangenen Jahren sind wir immer wieder jungen Menschen begegnet, die ich nach ihren Bildw\u00fcnschen befragt habe. Diese Bildideen habe ich aufgegriffen, malerisch umgesetzt und die entstandenen Gem\u00e4lde im Anschluss in der Wohnung des jeweiligen Projektpartners fotografiert. Die Malereien verblieben danach bei ihren Ideengebern.<\/p>\n<p style=\"text-align: justify;\"><span style=\"line-height: 1.5em;\">Bis heute entstanden siebzehn Arbeiten in elf L\u00e4ndern, auf vier Kontinenten. Das Projekt befindet sich nach wie vor im Wachsen und ich bin sehr gespannt, welche Bildideen und Begegnungen in Afrika auf uns warten.<\/span><\/p>\n<p>&nbsp;<\/p>\n<p style=\"text-align: justify;\"><a href=\"https:\/\/www.abseitsreisen.de\/blog\/wp-content\/uploads\/2014\/04\/Frank-_-27_-Freising-_-Deutschlad.jpg\"><img loading=\"lazy\" decoding=\"async\" class=\"alignnone size-full wp-image-4691\" alt=\"Frank-_-27_-Freising-_-Deutschlad\" src=\"https:\/\/www.abseitsreisen.de\/blog\/wp-content\/uploads\/2014\/04\/Frank-_-27_-Freising-_-Deutschlad.jpg\" width=\"725\" height=\"481\" srcset=\"https:\/\/www.abseitsreisen.de\/blog\/wp-content\/uploads\/2014\/04\/Frank-_-27_-Freising-_-Deutschlad.jpg 725w, https:\/\/www.abseitsreisen.de\/blog\/wp-content\/uploads\/2014\/04\/Frank-_-27_-Freising-_-Deutschlad-300x199.jpg 300w\" sizes=\"auto, (max-width: 725px) 100vw, 725px\" \/><\/a><\/p>\n<blockquote><p>\u201eIch h\u00e4tte gern ein Bild von meiner Freundin und mir, wie wir uns umarmen. Eigentlich reichen auch nur die F\u00fc\u00dfe. In knalligen Farben.\u201c<\/p>\n<p>Frank \/ 27 \/ Freising \/ Deutschland<\/p><\/blockquote>\n<p>&nbsp;<\/p>\n<p><a href=\"https:\/\/www.abseitsreisen.de\/blog\/wp-content\/uploads\/2014\/04\/Erkan29SilifkeTuerkei.jpg\"><img loading=\"lazy\" decoding=\"async\" class=\"alignnone size-full wp-image-4694\" alt=\"Erkan29SilifkeTuerkei\" src=\"https:\/\/www.abseitsreisen.de\/blog\/wp-content\/uploads\/2014\/04\/Erkan29SilifkeTuerkei.jpg\" width=\"725\" height=\"482\" srcset=\"https:\/\/www.abseitsreisen.de\/blog\/wp-content\/uploads\/2014\/04\/Erkan29SilifkeTuerkei.jpg 725w, https:\/\/www.abseitsreisen.de\/blog\/wp-content\/uploads\/2014\/04\/Erkan29SilifkeTuerkei-300x199.jpg 300w\" sizes=\"auto, (max-width: 725px) 100vw, 725px\" \/><\/a><\/p>\n<blockquote><p>\u201eIch habe mir mit meiner Frau gemeinsam Gedanken gemacht. Wir stellen uns einen alten Bauern vor, dessen Gesicht vom Leben gezeichnet ist. Es spielt keine Rolle ob es sich dabei um einen t\u00fcrkischen oder deutschen Bauern handelt. In dunklen Farben.\u201c<\/p>\n<p>Erkan \/ 29 \/ Silifke \/ T\u00fcrkei<\/p><\/blockquote>\n<p>&nbsp;<\/p>\n<p><a href=\"https:\/\/www.abseitsreisen.de\/blog\/wp-content\/uploads\/2014\/04\/Irina-_-28-_-Taschkent-_-Usbekistan.jpg\"><img loading=\"lazy\" decoding=\"async\" class=\"alignnone size-full wp-image-4695\" alt=\"Irina-_-28-_-Taschkent-_-Usbekistan\" src=\"https:\/\/www.abseitsreisen.de\/blog\/wp-content\/uploads\/2014\/04\/Irina-_-28-_-Taschkent-_-Usbekistan.jpg\" width=\"725\" height=\"482\" srcset=\"https:\/\/www.abseitsreisen.de\/blog\/wp-content\/uploads\/2014\/04\/Irina-_-28-_-Taschkent-_-Usbekistan.jpg 725w, https:\/\/www.abseitsreisen.de\/blog\/wp-content\/uploads\/2014\/04\/Irina-_-28-_-Taschkent-_-Usbekistan-300x199.jpg 300w\" sizes=\"auto, (max-width: 725px) 100vw, 725px\" \/><\/a><\/p>\n<blockquote><p>\u201eEin Engel sitzt auf einer Klippe. Seine Fl\u00fcgel sind zerzaust oder er hat nur noch einen Fl\u00fcgel. Die Stimmung ist etwas melancholisch. Im Vordergrund sind Steine, keine Blumen. Seine Haare wehen im Wind, er schaut aufs Meer, vielleicht sind dort Wellen. Es ist Sonnenuntergang. Das Bild soll schwarz-wei\u00df sein.\u201c<\/p>\n<p>Irina \/ 28 \/ Taschkent \/ Usbekistan<\/p><\/blockquote>\n<p>&nbsp;<\/p>\n<p><a href=\"https:\/\/www.abseitsreisen.de\/blog\/wp-content\/uploads\/2014\/04\/Munkhal-_-28-_-Ulan-Bator-_-Mongolei.jpg\"><img loading=\"lazy\" decoding=\"async\" class=\"alignnone size-full wp-image-4696\" alt=\"Munkhal-_-28-_-Ulan-Bator-_-Mongolei\" src=\"https:\/\/www.abseitsreisen.de\/blog\/wp-content\/uploads\/2014\/04\/Munkhal-_-28-_-Ulan-Bator-_-Mongolei.jpg\" width=\"725\" height=\"481\" srcset=\"https:\/\/www.abseitsreisen.de\/blog\/wp-content\/uploads\/2014\/04\/Munkhal-_-28-_-Ulan-Bator-_-Mongolei.jpg 725w, https:\/\/www.abseitsreisen.de\/blog\/wp-content\/uploads\/2014\/04\/Munkhal-_-28-_-Ulan-Bator-_-Mongolei-300x199.jpg 300w\" sizes=\"auto, (max-width: 725px) 100vw, 725px\" \/><\/a><\/p>\n<blockquote><p>\u00a0\u201eIch w\u00fcnsche mir einen Wolf und ein Pferd. Der Wolf ist schwarz-wei\u00df, der Hintergrund ist schwarz mit Mond. Das Pferd ist hellbraun, im Hintergrund ist Nebel. Die beiden Hintergr\u00fcnde\u00a0 gehen ineinander \u00fcber. Der Wolf blickt nach links, das Pferd nach rechts.\u201c<\/p>\n<p>Munkhal \/ 28 \/ Ulan Bator \/ Mongolei<\/p><\/blockquote>\n<p>&nbsp;<\/p>\n<p><a href=\"https:\/\/www.abseitsreisen.de\/blog\/wp-content\/uploads\/2014\/04\/Orbe-_-27-_-San-Crist\u00f3bal-de-las-Casas-_-Mexiko.jpg\"><img loading=\"lazy\" decoding=\"async\" class=\"alignnone size-full wp-image-4697\" alt=\"Orbe-_-27-_-San-Crist\u00f3bal-de-las-Casas-_-Mexiko\" src=\"https:\/\/www.abseitsreisen.de\/blog\/wp-content\/uploads\/2014\/04\/Orbe-_-27-_-San-Crist\u00f3bal-de-las-Casas-_-Mexiko.jpg\" width=\"725\" height=\"482\" srcset=\"https:\/\/www.abseitsreisen.de\/blog\/wp-content\/uploads\/2014\/04\/Orbe-_-27-_-San-Crist\u00f3bal-de-las-Casas-_-Mexiko.jpg 725w, https:\/\/www.abseitsreisen.de\/blog\/wp-content\/uploads\/2014\/04\/Orbe-_-27-_-San-Crist\u00f3bal-de-las-Casas-_-Mexiko-300x199.jpg 300w\" sizes=\"auto, (max-width: 725px) 100vw, 725px\" \/><\/a><\/p>\n<blockquote><p>\u201eIch h\u00e4tte gern ein Bild von meiner kleinen Tochter. Die Fotos, die ich von ihr habe sind leider schon \u00e4lter, denn ich habe sie zuletzt vor einem Jahr sehen d\u00fcrfen. Farblich soll das Bild in Sepia gehalten sein und wie eine alte Fotografie aussehen. Vielen, vielen Dank.\u201c<\/p>\n<p>Orbe \/ 27 \/ San Crist\u00f3bal de las Casas \/ Mexiko<\/p><\/blockquote>\n<p>&nbsp;<\/p>\n<p><a href=\"https:\/\/www.abseitsreisen.de\/blog\/wp-content\/uploads\/2014\/04\/Carolina-_-32-_-Villa-de-Leyva-_-Kolumbien.jpg\"><img loading=\"lazy\" decoding=\"async\" class=\"alignnone size-full wp-image-4702\" alt=\"Carolina-_-32-_-Villa-de-Leyva-_-Kolumbien\" src=\"https:\/\/www.abseitsreisen.de\/blog\/wp-content\/uploads\/2014\/04\/Carolina-_-32-_-Villa-de-Leyva-_-Kolumbien.jpg\" width=\"725\" height=\"482\" srcset=\"https:\/\/www.abseitsreisen.de\/blog\/wp-content\/uploads\/2014\/04\/Carolina-_-32-_-Villa-de-Leyva-_-Kolumbien.jpg 725w, https:\/\/www.abseitsreisen.de\/blog\/wp-content\/uploads\/2014\/04\/Carolina-_-32-_-Villa-de-Leyva-_-Kolumbien-300x199.jpg 300w\" sizes=\"auto, (max-width: 725px) 100vw, 725px\" \/><\/a><\/p>\n<blockquote><p>\u201eIch denke an einen Wald mit Fl\u00fcgeln. Der Wald besteht aus verschiedenen B\u00e4umen in Blau, Lila, Gr\u00fcn, vor allem in Lila und Gr\u00fcn, mit mindestens zwei wei\u00dfen Fl\u00fcgeln in den B\u00e4umen oder am Boden. B\u00e4ume gefallen mir, weil sie mich an meine Kindheit erinnern. Meine Mutter sagte immer: \u201eB\u00e4ume schenken Leben\u201c. Au\u00dferdem mag ich Engel sehr gern. Ich glaube an Engel. Engel stehen f\u00fcr Frieden, B\u00e4ume f\u00fcr Leben.\u201c<\/p>\n<p>Carolina \/ 32 \/ Villa de Leyva \/ Kolumbien<\/p><\/blockquote>\n","protected":false},"excerpt":{"rendered":"<p>Der Beginn unserer Reise \u2018Im Oldtimer um die Welt\u2019 war gleichzeitig auch der Beginn des Kunstprojekts Ferne Welten. Malerisch die Welt erkunden, die Welt so abzubilden, wie sie einem erscheint und die eigene Sicht auf die Dinge f\u00fcr andere sichtbar &hellip; <a href=\"https:\/\/www.abseitsreisen.de\/blog\/kunstprojekt-ferne-welten\/\">Weiterlesen<\/a><\/p>\n","protected":false},"author":2,"featured_media":0,"parent":0,"menu_order":0,"comment_status":"closed","ping_status":"closed","template":"","meta":{"kt_blocks_editor_width":"","_metis_text_type":"standard","_metis_text_length":3018,"_post_count":0,"footnotes":""},"class_list":["post-4690","page","type-page","status-publish","hentry"],"aioseo_notices":[],"_links":{"self":[{"href":"https:\/\/www.abseitsreisen.de\/blog\/wp-json\/wp\/v2\/pages\/4690","targetHints":{"allow":["GET"]}}],"collection":[{"href":"https:\/\/www.abseitsreisen.de\/blog\/wp-json\/wp\/v2\/pages"}],"about":[{"href":"https:\/\/www.abseitsreisen.de\/blog\/wp-json\/wp\/v2\/types\/page"}],"author":[{"embeddable":true,"href":"https:\/\/www.abseitsreisen.de\/blog\/wp-json\/wp\/v2\/users\/2"}],"replies":[{"embeddable":true,"href":"https:\/\/www.abseitsreisen.de\/blog\/wp-json\/wp\/v2\/comments?post=4690"}],"version-history":[{"count":16,"href":"https:\/\/www.abseitsreisen.de\/blog\/wp-json\/wp\/v2\/pages\/4690\/revisions"}],"predecessor-version":[{"id":4714,"href":"https:\/\/www.abseitsreisen.de\/blog\/wp-json\/wp\/v2\/pages\/4690\/revisions\/4714"}],"wp:attachment":[{"href":"https:\/\/www.abseitsreisen.de\/blog\/wp-json\/wp\/v2\/media?parent=4690"}],"curies":[{"name":"wp","href":"https:\/\/api.w.org\/{rel}","templated":true}]}}