{"id":8639,"date":"2015-05-15T23:17:49","date_gmt":"2015-05-15T21:17:49","guid":{"rendered":"http:\/\/www.abseitsreisen.de\/blog\/?post_type=testimonial&#038;p=8639"},"modified":"2016-07-22T13:14:42","modified_gmt":"2016-07-22T11:14:42","slug":"christian-und-veronika-2","status":"publish","type":"testimonial","link":"https:\/\/www.abseitsreisen.de\/blog\/testimonial\/christian-und-veronika-2\/","title":{"rendered":"Christian und Veronika"},"content":{"rendered":"<p>hallo ihr 2 wir haben uns auf eurem s\u00fcdamerika vortrag 2014 in bayern kennengelernt. wir lesen eure berichte regelm\u00e4\u00dfig und finden die berichte und bilder sehr gut und verwenden auch gerne eure infos. nach eurem aktuellen bericht muss ich hier mal ganz gro\u00df DANKESCH\u00d6N sagen f\u00fcr die viele m\u00fche&#8230; noch eine gute fahrt und passt auf euch auf see you on the road liebe gr\u00fcsse aus sucre\/ bolivien <a href=\"http:\/\/www.mehrzeitfueruns.com\" target=\"_blank\">christian y veronika\u00a0<\/a><\/p>\n","protected":false},"excerpt":{"rendered":"<p>hallo ihr 2 wir haben uns auf eurem s\u00fcdamerika vortrag 2014 in bayern kennengelernt. wir lesen eure berichte regelm\u00e4\u00dfig und finden die berichte und bilder sehr gut und verwenden auch gerne eure infos. nach eurem aktuellen bericht muss ich hier &hellip; <a href=\"https:\/\/www.abseitsreisen.de\/blog\/testimonial\/christian-und-veronika-2\/\">Weiterlesen<\/a><\/p>\n","protected":false},"featured_media":0,"menu_order":0,"template":"","testimonial-group":[],"class_list":["post-8639","testimonial","type-testimonial","status-publish","hentry"],"aioseo_notices":[],"_links":{"self":[{"href":"https:\/\/www.abseitsreisen.de\/blog\/wp-json\/wp\/v2\/testimonial\/8639","targetHints":{"allow":["GET"]}}],"collection":[{"href":"https:\/\/www.abseitsreisen.de\/blog\/wp-json\/wp\/v2\/testimonial"}],"about":[{"href":"https:\/\/www.abseitsreisen.de\/blog\/wp-json\/wp\/v2\/types\/testimonial"}],"wp:attachment":[{"href":"https:\/\/www.abseitsreisen.de\/blog\/wp-json\/wp\/v2\/media?parent=8639"}],"wp:term":[{"taxonomy":"testimonial-group","embeddable":true,"href":"https:\/\/www.abseitsreisen.de\/blog\/wp-json\/wp\/v2\/testimonial-group?post=8639"}],"curies":[{"name":"wp","href":"https:\/\/api.w.org\/{rel}","templated":true}]}}